{"id":315,"date":"2015-04-03T20:46:22","date_gmt":"2015-04-03T20:46:22","guid":{"rendered":"http:\/\/benabraham.org\/en\/?page_id=315"},"modified":"2015-10-10T19:55:55","modified_gmt":"2015-10-10T19:55:55","slug":"e-o-mundo-silenciou","status":"publish","type":"page","link":"http:\/\/benabraham.org\/pt-br\/vida-no-brasil\/e-o-mundo-silenciou\/","title":{"rendered":"&#8220;&#8230; e o mundo silenciou&#8221;"},"content":{"rendered":"<section id=\"builder-section-1428093835624\" class=\"builder-section builder-section-first builder-section-text builder-section-last builder-text-columns-1\" style=\"\">\n<div class=\"builder-section-content\">\n<div class=\"builder-text-column builder-text-column-1\" id=\"builder-section-1428093835624-column-1\">\n<div class=\"builder-text-content\">\n<p><!--more--><\/p>\n<figure id=\"attachment_71\" aria-describedby=\"caption-attachment-71\" style=\"width: 400px\" class=\"wp-caption alignright\"><a href=\"http:\/\/benabraham.org\/pt-br\/directory\/uploads\/2015\/04\/Livro_e-o-mundo-silenciou.jpg\"><img loading=\"lazy\" decoding=\"async\" class=\"wp-image-71\" src=\"http:\/\/benabraham.org\/pt-br\/directory\/uploads\/2015\/04\/Livro_e-o-mundo-silenciou-300x227.jpg\" alt=\"Livro_e o mundo silenciou\" width=\"400\" height=\"303\" srcset=\"http:\/\/benabraham.org\/en\/directory\/uploads\/2015\/04\/Livro_e-o-mundo-silenciou-300x227.jpg 300w, http:\/\/benabraham.org\/en\/directory\/uploads\/2015\/04\/Livro_e-o-mundo-silenciou.jpg 1015w\" sizes=\"auto, (max-width: 400px) 100vw, 400px\" \/><\/a><figcaption id=\"caption-attachment-71\" class=\"wp-caption-text\">Capa do livro &#8220;&#8230; e o mundo silenciou&#8221;. (Giz de cera).<\/figcaption><\/figure>\n<p>O livro <strong><em>&#8220;&#8230; e o mundo silenciou&#8221;<\/em><\/strong> foi publicado em 1972. Nele, Ben Abraham narra suas experi\u00eancias como prisioneiro do nazismo. Eram constantes a luta pela sobreviv\u00eancia, contra a fome, as doen\u00e7as, os maus-tratos, e o medo de ser executado a cada incidente.<\/p>\n<p>Miriam Necrycz, esposa de Ben Abraham, menciona a publica\u00e7\u00e3o de <strong><em>&#8220;&#8230; e o mundo silenciou&#8221;<\/em><\/strong> em seu livro <em><strong>&#8220;Relato de uma Vida&#8221;<\/strong><\/em>:<\/p>\n<p style=\"text-align: justify; padding-left: 30px;\"><em>\u201cPassado algum tempo ap\u00f3s a nossa primeira viagem a Israel, Chaim disse-me que pretendia escrever, relatar suas mem\u00f3rias dos anos da ocupa\u00e7\u00e3o nazista. Durante meses ele empenhou-se nessa tarefa. Meu receio era que, ao recordar fatos dolorosos ele iria sofrer ainda mais, pois durante anos ele padecia demais ao recordar sua adolesc\u00eancia no gueto e campos de concentra\u00e7\u00e3o. Tinha frequentes pesadelos devido aos sofrimentos que lhe foram infligidos e por causa da morte de seus familiares.<\/em><\/p>\n<p style=\"text-align: justify; padding-left: 30px;\"><em>No entanto aconteceu uma coisa surpreendente, \u00e0 medida que Chaim relatava o passado, mais se acalmava. Escrevia e at\u00e9 conseguia encarar as fotografias&#8230;<\/em><\/p>\n<p style=\"text-align: justify; padding-left: 30px;\"><em>Relembrar e descrever as mem\u00f3rias teve um efeito ben\u00e9fico sobre ele, como se, por meio de seus relatos ele se libertasse daquele sofrimento. N\u00e3o foi f\u00e1cil editar o primeiro livro, mas com coragem e persist\u00eancia enfrentou os obst\u00e1culos e conseguiu alcan\u00e7ar seu objetivo. O pequeno livro, de linguagem acess\u00edvel, foi e est\u00e1 sendo lido por milhares de brasileiros, muitos dos quais desconheciam a veracidade dos fatos ocorridos durante o Holocausto.\u201d<\/em><\/p>\n<p><a href=\"http:\/\/benabraham.org\/pt-br\/livros-de-ben-abraham\/\">Mais livros de Ben Abraham. <\/a><\/p>\n<\/p><\/div>\n<\/p><\/div>\n<\/p><\/div>\n<\/section>\n","protected":false},"excerpt":{"rendered":"","protected":false},"author":3,"featured_media":0,"parent":23,"menu_order":0,"comment_status":"closed","ping_status":"closed","template":"template-builder.php","meta":{"footnotes":""},"class_list":["post-315","page","type-page","status-publish","hentry"],"_links":{"self":[{"href":"http:\/\/benabraham.org\/pt-br\/wp-json\/wp\/v2\/pages\/315","targetHints":{"allow":["GET"]}}],"collection":[{"href":"http:\/\/benabraham.org\/pt-br\/wp-json\/wp\/v2\/pages"}],"about":[{"href":"http:\/\/benabraham.org\/pt-br\/wp-json\/wp\/v2\/types\/page"}],"author":[{"embeddable":true,"href":"http:\/\/benabraham.org\/pt-br\/wp-json\/wp\/v2\/users\/3"}],"replies":[{"embeddable":true,"href":"http:\/\/benabraham.org\/pt-br\/wp-json\/wp\/v2\/comments?post=315"}],"version-history":[{"count":2,"href":"http:\/\/benabraham.org\/pt-br\/wp-json\/wp\/v2\/pages\/315\/revisions"}],"predecessor-version":[{"id":1314,"href":"http:\/\/benabraham.org\/pt-br\/wp-json\/wp\/v2\/pages\/315\/revisions\/1314"}],"up":[{"embeddable":true,"href":"http:\/\/benabraham.org\/pt-br\/wp-json\/wp\/v2\/pages\/23"}],"wp:attachment":[{"href":"http:\/\/benabraham.org\/pt-br\/wp-json\/wp\/v2\/media?parent=315"}],"curies":[{"name":"wp","href":"https:\/\/api.w.org\/{rel}","templated":true}]}}