{"id":478,"date":"2015-04-07T01:04:51","date_gmt":"2015-04-07T01:04:51","guid":{"rendered":"http:\/\/benabraham.org\/en\/?page_id=478"},"modified":"2015-11-20T01:18:51","modified_gmt":"2015-11-20T01:18:51","slug":"rumo-a-palestina","status":"publish","type":"page","link":"http:\/\/benabraham.org\/pt-br\/miriam-nekrycz\/finalmente-em-israel\/rumo-a-palestina\/","title":{"rendered":"Rumo a Eretz Israel"},"content":{"rendered":"<section id=\"builder-section-1447982297520\" class=\"builder-section builder-section-first builder-section-text builder-section-last builder-text-columns-2\" style=\"\">\n<div class=\"builder-section-content\">\n<div class=\"builder-text-column builder-text-column-1\" id=\"builder-section-1447982297520-column-1\">\n<div class=\"builder-text-content\">\n<p>Sem lar e sem p\u00e1tria, os judeus que haviam sobrevivido \u00e0 Liberta\u00e7\u00e3o lutaram contra os desdobramentos de uma era que quase destruiu sua pr\u00f3pria identidade enquanto um povo. No entanto, para muitos deles, essa luta intensa despertou um desejo ardente para encontrar seu pr\u00f3prio lugar, seu pr\u00f3prio pa\u00eds &#8211; a terra da Palestina. Ali, poderiam lan\u00e7ar a funda\u00e7\u00e3o de seu futuro enquanto povo &#8211; e, em \u00faltima an\u00e1lise, enquanto na\u00e7\u00e3o. Com essa esperan\u00e7a, iniciaram o \u00eaxodo de todas as na\u00e7\u00f5es da Europa rumo \u00e0 Palestina. Conforme o pensamento de muitos que viam a Palestina como seu \u00faltimo ref\u00fagio, s\u00e3o reproduzidas as palavras de um sobrevivente, Elli Friedmann: &#8220;Palestina, Eretz Israel, \u00e9 parte de n\u00f3s. \u00c9 o lugar ao qual pertencemos&#8230; Eretz Israel \u00e9 o nosso \u00fanico lar&#8221;.<\/p>\n<\/p><\/div>\n<\/p><\/div>\n<div class=\"builder-text-column builder-text-column-2\" id=\"builder-section-1447982297520-column-2\">\n<div class=\"builder-text-content\">\n<figure id=\"attachment_475\" aria-describedby=\"caption-attachment-475\" style=\"width: 350px\" class=\"wp-caption aligncenter\"><a href=\"http:\/\/benabraham.org\/en\/directory\/uploads\/2015\/04\/To_Palestine_4f768965898ef.jpg\"><img loading=\"lazy\" decoding=\"async\" class=\"wp-image-475\" src=\"http:\/\/benabraham.org\/pt-br\/directory\/uploads\/2015\/04\/To_Palestine_4f768965898ef-229x300.jpg\" alt=\"\" width=\"350\" height=\"459\" srcset=\"http:\/\/benabraham.org\/en\/directory\/uploads\/2015\/04\/To_Palestine_4f768965898ef-229x300.jpg 229w, http:\/\/benabraham.org\/en\/directory\/uploads\/2015\/04\/To_Palestine_4f768965898ef.jpg 610w\" sizes=\"auto, (max-width: 350px) 100vw, 350px\" \/><\/a><figcaption id=\"caption-attachment-475\" class=\"wp-caption-text\">Rumo a Eretz Israel. (Giz de cera).<\/figcaption><\/figure>\n<\/p><\/div>\n<\/p><\/div>\n<\/p><\/div>\n<\/section>\n","protected":false},"excerpt":{"rendered":"<p>Sem lar e sem p\u00e1tria, os judeus que haviam sobrevivido \u00e0 Liberta\u00e7\u00e3o lutaram contra os desdobramentos de uma era que quase destruiu sua pr\u00f3pria identidade enquanto um povo. No entanto, para muitos deles, essa luta intensa despertou um desejo ardente para encontrar seu pr\u00f3prio lugar, seu pr\u00f3prio pa\u00eds &#8211; a terra da Palestina. Ali, poderiam &hellip;<\/p>\n","protected":false},"author":3,"featured_media":0,"parent":404,"menu_order":0,"comment_status":"closed","ping_status":"closed","template":"template-builder.php","meta":{"footnotes":""},"class_list":["post-478","page","type-page","status-publish","hentry"],"_links":{"self":[{"href":"http:\/\/benabraham.org\/pt-br\/wp-json\/wp\/v2\/pages\/478","targetHints":{"allow":["GET"]}}],"collection":[{"href":"http:\/\/benabraham.org\/pt-br\/wp-json\/wp\/v2\/pages"}],"about":[{"href":"http:\/\/benabraham.org\/pt-br\/wp-json\/wp\/v2\/types\/page"}],"author":[{"embeddable":true,"href":"http:\/\/benabraham.org\/pt-br\/wp-json\/wp\/v2\/users\/3"}],"replies":[{"embeddable":true,"href":"http:\/\/benabraham.org\/pt-br\/wp-json\/wp\/v2\/comments?post=478"}],"version-history":[{"count":1,"href":"http:\/\/benabraham.org\/pt-br\/wp-json\/wp\/v2\/pages\/478\/revisions"}],"predecessor-version":[{"id":1413,"href":"http:\/\/benabraham.org\/pt-br\/wp-json\/wp\/v2\/pages\/478\/revisions\/1413"}],"up":[{"embeddable":true,"href":"http:\/\/benabraham.org\/pt-br\/wp-json\/wp\/v2\/pages\/404"}],"wp:attachment":[{"href":"http:\/\/benabraham.org\/pt-br\/wp-json\/wp\/v2\/media?parent=478"}],"curies":[{"name":"wp","href":"https:\/\/api.w.org\/{rel}","templated":true}]}}