{"id":653,"date":"2015-04-27T03:44:42","date_gmt":"2015-04-27T03:44:42","guid":{"rendered":"http:\/\/benabraham.org\/en\/?page_id=653"},"modified":"2016-07-24T17:26:40","modified_gmt":"2016-07-24T17:26:40","slug":"galeria-da-historia","status":"publish","type":"page","link":"https:\/\/benabraham.org\/pt-br\/galeria-da-historia\/","title":{"rendered":"Galeria da Hist\u00f3ria"},"content":{"rendered":"<section id=\"builder-section-1430504615149\" class=\"builder-section builder-section-first builder-section-text builder-section-next-gallery builder-text-columns-1\" style=\"\">\n<div class=\"builder-section-content\">\n<div class=\"builder-text-column builder-text-column-1\" id=\"builder-section-1430504615149-column-1\">\n<div class=\"builder-text-content\">\n<p>As obras de arte apresentadas neste site foram produzidas por alunos e ex-alunos da Word of Faith Christian School (Spindale, Estados Unidos), do Col\u00e9gio Crist\u00e3o Rhema (Franco da Rocha, Brasil), e da Escola Crist\u00e3o Verbo Vivo (S\u00e3o Joaquim de Bicas, Brasil). As pinturas reproduzem imagens originais, obtidas de fontes hist\u00f3ricas confi\u00e1veis, tais como: <a href=\"http:\/\/www.yadvashem.org\/\">Museu Yad Vashem<\/a>, em Jerusal\u00e9m, Israel;\u00a0<a href=\"http:\/\/www.ushmm.org\/\">The United States Holocaust Memorial Museum<\/a>, em Washington, Estados Unidos;\u00a0<a href=\"http:\/\/auschwitz.org\/en\/\">The Auschwitz-Birkenau Memorial Museum<\/a>, O\u015bwi\u0119cim, Pol\u00f4nia. Outras pinturas reproduzem imagens pertencentes ao arquivo pessoal de Ben Abraham e Miriam Nekrycz. As obras mostradas neste <em>site<\/em> foram escolhidas para prestar testemunho \u00e0 Hist\u00f3ria e \u00e0 evid\u00eancia do Holocausto do povo judeu, al\u00e9m de ilustrar a hist\u00f3ria de Ben Abraham e Miriam Nekrycz. A galeria abaixo est\u00e1 organizada de forma tem\u00e1tica.<\/p>\n<\/p><\/div>\n<\/p><\/div>\n<\/p><\/div>\n<\/section>\n<section id=\"builder-section-1430106192563\" class=\"builder-section builder-section-prev-text builder-section-gallery builder-section-next-gallery builder-gallery-columns-4 builder-gallery-captions-reveal builder-gallery-captions-dark builder-gallery-aspect-square\" style=\"\">\n<h3 class=\"builder-gallery-section-title\">\n\t\tOcupa\u00e7\u00e3o, Deporta\u00e7\u00e3o e Guetiza\u00e7\u00e3o Nazistas\t<\/h3>\n<div class=\"builder-section-content\">\n<div class=\"builder-gallery-item has-link\" onclick=\"window.location.href = 'http:\/\/benabraham.org\/pt-br\/judeus-indo-para-o-trabalho-forcado';\">\n<figure class=\"builder-gallery-image\" style=\"background-image: url(&#039;http:\/\/benabraham.org\/en\/directory\/uploads\/2015\/04\/forced-laborers.png&#039;);\"><\/figure>\n<div class=\"builder-gallery-content\">\n<div class=\"builder-gallery-content-inner\">\n<h4 class=\"builder-gallery-title\">\n\t\t\t\t\t\tJudeus Indo para Trabalho For\u00e7ado\t\t\t\t\t<\/h4>\n<\/p><\/div>\n<\/p><\/div>\n<\/p><\/div>\n<div class=\"builder-gallery-item has-link last-2\" onclick=\"window.location.href = 'http:\/\/benabraham.org\/pt-br\/?p=701';\">\n<figure class=\"builder-gallery-image\" style=\"background-image: url(&#039;http:\/\/benabraham.org\/en\/directory\/uploads\/2015\/05\/rabi.jpg&#039;);\"><\/figure>\n<div class=\"builder-gallery-content\">\n<div class=\"builder-gallery-content-inner\">\n<h4 class=\"builder-gallery-title\">\n\t\t\t\t\t\tRabino Shalom Yosef Elyashiv\t\t\t\t\t<\/h4>\n<\/p><\/div>\n<\/p><\/div>\n<\/p><\/div>\n<div class=\"builder-gallery-item has-link\" onclick=\"window.location.href = 'http:\/\/benabraham.org\/pt-br\/deportacao-de-judeus';\">\n<figure class=\"builder-gallery-image\" style=\"background-image: url(&#039;http:\/\/benabraham.org\/en\/directory\/uploads\/2015\/04\/deportation.jpg&#039;);\"><\/figure>\n<div class=\"builder-gallery-content\">\n<div class=\"builder-gallery-content-inner\">\n<h4 class=\"builder-gallery-title\">\n\t\t\t\t\t\tDeporta\u00e7\u00e3o de Judeus\t\t\t\t\t<\/h4>\n<\/p><\/div>\n<\/p><\/div>\n<\/p><\/div>\n<div class=\"builder-gallery-item has-link last-4 last-2\" onclick=\"window.location.href = 'http:\/\/benabraham.org\/pt-br\/no-gueto-de-lodz\/rua-no-gueto-de-lodz\/';\">\n<figure class=\"builder-gallery-image\" style=\"background-image: url(&#039;http:\/\/benabraham.org\/en\/directory\/uploads\/2015\/04\/Lodz_gueto-1024x768.jpg&#039;);\"><\/figure>\n<div class=\"builder-gallery-content\">\n<div class=\"builder-gallery-content-inner\">\n<h4 class=\"builder-gallery-title\">\n\t\t\t\t\t\tUma Rua no Gueto de Lodz\t\t\t\t\t<\/h4>\n<\/p><\/div>\n<\/p><\/div>\n<\/p><\/div>\n<div class=\"builder-gallery-item has-link\" onclick=\"window.location.href = 'http:\/\/benabraham.org\/pt-br\/in-the-lodz-ghetto\/mulher-e-criancas-perto-de-uma-cerca-gueto-de-lodz';\">\n<figure class=\"builder-gallery-image\" style=\"background-image: url(&#039;http:\/\/benabraham.org\/en\/directory\/uploads\/2015\/04\/Mulheres-na-cerca-1024x777.jpg&#039;);\"><\/figure>\n<div class=\"builder-gallery-content\">\n<div class=\"builder-gallery-content-inner\">\n<h4 class=\"builder-gallery-title\">\n\t\t\t\t\t\tMulher e Crian\u00e7as perto de uma Cerca &#8211; Gueto de Lodz\t\t\t\t\t<\/h4>\n<\/p><\/div>\n<\/p><\/div>\n<\/p><\/div>\n<div class=\"builder-gallery-item has-link last-2\" onclick=\"window.location.href = 'http:\/\/benabraham.org\/pt-br\/?p=293';\">\n<figure class=\"builder-gallery-image\" style=\"background-image: url(&#039;http:\/\/benabraham.org\/en\/directory\/uploads\/2015\/04\/IMG_3591-1024x752.jpg&#039;);\"><\/figure>\n<div class=\"builder-gallery-content\">\n<div class=\"builder-gallery-content-inner\">\n<h4 class=\"builder-gallery-title\">\n\t\t\t\t\t\tCrian\u00e7as Tomando Sopa no Gueto de Lodz\t\t\t\t\t<\/h4>\n<\/p><\/div>\n<\/p><\/div>\n<\/p><\/div>\n<div class=\"builder-gallery-item has-link\" onclick=\"window.location.href = 'http:\/\/benabraham.org\/pt-br\/in-the-lodz-ghetto\/jovem-correndo-com-a-tora';\">\n<figure class=\"builder-gallery-image\" style=\"background-image: url(&#039;http:\/\/benabraham.org\/en\/directory\/uploads\/2015\/04\/Lodz_jovem-com-torah-1024x760.jpg&#039;);\"><\/figure>\n<div class=\"builder-gallery-content\">\n<div class=\"builder-gallery-content-inner\">\n<h4 class=\"builder-gallery-title\">\n\t\t\t\t\t\tJovem Correndo com a Tor\u00e1, Gueto de Lodz\t\t\t\t\t<\/h4>\n<\/p><\/div>\n<\/p><\/div>\n<\/p><\/div>\n<div class=\"builder-gallery-item has-link last-4 last-2\" onclick=\"window.location.href = 'http:\/\/benabraham.org\/pt-br\/o-gueto-de-lodz';\">\n<figure class=\"builder-gallery-image\" style=\"background-image: url(&#039;http:\/\/benabraham.org\/en\/directory\/uploads\/2015\/04\/lodz-ghetto-model.png&#039;);\"><\/figure>\n<div class=\"builder-gallery-content\">\n<div class=\"builder-gallery-content-inner\">\n<h4 class=\"builder-gallery-title\">\n\t\t\t\t\t\tGueto de Lodz\t\t\t\t\t<\/h4>\n<\/p><\/div>\n<\/p><\/div>\n<\/p><\/div>\n<\/p><\/div>\n<\/section>\n<section id=\"builder-section-1430505943660\" class=\"builder-section builder-section-prev-gallery builder-section-gallery builder-section-next-gallery builder-gallery-columns-4 builder-gallery-captions-reveal builder-gallery-captions-dark builder-gallery-aspect-square\" style=\"\">\n<h3 class=\"builder-gallery-section-title\">\n\t\tCampo de Concentra\u00e7\u00e3o de Auschwitz\t<\/h3>\n<div class=\"builder-section-content\">\n<div class=\"builder-gallery-item has-link\" onclick=\"window.location.href = 'http:\/\/benabraham.org\/pt-br\/in-the-lodz-ghetto\/entrada-do-campo-de-concentracao-de-auschwitz';\">\n<figure class=\"builder-gallery-image\" style=\"background-image: url(&#039;http:\/\/benabraham.org\/en\/directory\/uploads\/2015\/04\/Auchwitz_atual-1024x713.jpg&#039;);\"><\/figure>\n<div class=\"builder-gallery-content\">\n<div class=\"builder-gallery-content-inner\">\n<h4 class=\"builder-gallery-title\">\n\t\t\t\t\t\tPort\u00e3o de Entrada de Auschwitz\t\t\t\t\t<\/h4>\n<\/p><\/div>\n<\/p><\/div>\n<\/p><\/div>\n<div class=\"builder-gallery-item has-link last-2\" onclick=\"window.location.href = 'http:\/\/benabraham.org\/pt-br\/auschwitz-and-labor-camps\/chegada-e-selecao-em-auschwitz-birkenau-ii';\">\n<figure class=\"builder-gallery-image\" style=\"background-image: url(&#039;http:\/\/benabraham.org\/en\/directory\/uploads\/2015\/04\/arrival-at-auschwitz-ii.png&#039;);\"><\/figure>\n<div class=\"builder-gallery-content\">\n<div class=\"builder-gallery-content-inner\">\n<h4 class=\"builder-gallery-title\">\n\t\t\t\t\t\tChegada e Sele\u00e7\u00e3o em Auschwitz II\t\t\t\t\t<\/h4>\n<\/p><\/div>\n<\/p><\/div>\n<\/p><\/div>\n<div class=\"builder-gallery-item has-link\" onclick=\"window.location.href = 'http:\/\/benabraham.org\/pt-br\/uniforme-de-auschwitz\/';\">\n<figure class=\"builder-gallery-image\" style=\"background-image: url(&#039;http:\/\/benabraham.org\/en\/directory\/uploads\/2015\/05\/uniforme-de-auschwitz.jpg&#039;);\"><\/figure>\n<div class=\"builder-gallery-content\">\n<div class=\"builder-gallery-content-inner\">\n<h4 class=\"builder-gallery-title\">\n\t\t\t\t\t\tUniforme de Auschwitz\t\t\t\t\t<\/h4>\n<\/p><\/div>\n<\/p><\/div>\n<\/p><\/div>\n<div class=\"builder-gallery-item has-link last-4 last-2\" onclick=\"window.location.href = 'http:\/\/benabraham.org\/pt-br\/uniformes-codificados-por-cor\/';\">\n<figure class=\"builder-gallery-image\" style=\"background-image: url(&#039;http:\/\/benabraham.org\/en\/directory\/uploads\/2015\/05\/uniform-with-color-codes.jpg&#039;);\"><\/figure>\n<div class=\"builder-gallery-content\">\n<div class=\"builder-gallery-content-inner\">\n<h4 class=\"builder-gallery-title\">\n\t\t\t\t\t\tUniformes Codificados por Cor\t\t\t\t\t<\/h4>\n<\/p><\/div>\n<\/p><\/div>\n<\/p><\/div>\n<\/p><\/div>\n<\/section>\n<section id=\"builder-section-1430506233280\" class=\"builder-section builder-section-prev-gallery builder-section-gallery builder-section-next-gallery builder-gallery-columns-4 builder-gallery-captions-reveal builder-gallery-captions-dark builder-gallery-aspect-square\" style=\"\">\n<h3 class=\"builder-gallery-section-title\">\n\t\tResist\u00eancia e Liberta\u00e7\u00e3o\t<\/h3>\n<div class=\"builder-section-content\">\n<div class=\"builder-gallery-item has-link\" onclick=\"window.location.href = 'http:\/\/benabraham.org\/pt-br\/partisano-sabotando-linha-de-trem-boris-jochai\/';\">\n<figure class=\"builder-gallery-image\" style=\"background-image: url(&#039;http:\/\/benabraham.org\/en\/directory\/uploads\/2015\/04\/partisan.png&#039;);\"><\/figure>\n<div class=\"builder-gallery-content\">\n<div class=\"builder-gallery-content-inner\">\n<h4 class=\"builder-gallery-title\">\n\t\t\t\t\t\tPartisano Sabotando Linha de Trem: Boris Jochai\t\t\t\t\t<\/h4>\n<\/p><\/div>\n<\/p><\/div>\n<\/p><\/div>\n<div class=\"builder-gallery-item has-link last-2\" onclick=\"window.location.href = 'http:\/\/benabraham.org\/pt-br\/zivia-lubetkin\/';\">\n<figure class=\"builder-gallery-image\" style=\"background-image: url(&#039;http:\/\/benabraham.org\/en\/directory\/uploads\/2015\/04\/ZIVIA.jpg&#039;);\"><\/figure>\n<div class=\"builder-gallery-content\">\n<div class=\"builder-gallery-content-inner\">\n<h4 class=\"builder-gallery-title\">\n\t\t\t\t\t\tZivia Lubektin\t\t\t\t\t<\/h4>\n<\/p><\/div>\n<\/p><\/div>\n<\/p><\/div>\n<div class=\"builder-gallery-item has-link\" onclick=\"window.location.href = 'http:\/\/benabraham.org\/pt-br\/por-que-auschwitz-nao-foi-bombardeada\/';\">\n<figure class=\"builder-gallery-image\" style=\"background-image: url(&#039;http:\/\/benabraham.org\/en\/directory\/uploads\/2015\/05\/Aerial_Evidence__4f581486873bb.jpg&#039;);\"><\/figure>\n<div class=\"builder-gallery-content\">\n<div class=\"builder-gallery-content-inner\">\n<h4 class=\"builder-gallery-title\">\n\t\t\t\t\t\tPor que Auschwitz n\u00e3o foi Bombardeada?\t\t\t\t\t<\/h4>\n<\/p><\/div>\n<\/p><\/div>\n<\/p><\/div>\n<div class=\"builder-gallery-item has-link last-4 last-2\" onclick=\"window.location.href = 'http:\/\/benabraham.org\/pt-br\/auschwitz-and-labor-camps\/the-liberation\/';\">\n<figure class=\"builder-gallery-image\" style=\"background-image: url(&#039;http:\/\/benabraham.org\/en\/directory\/uploads\/2015\/04\/Liberation.png&#039;);\"><\/figure>\n<div class=\"builder-gallery-content\">\n<div class=\"builder-gallery-content-inner\">\n<h4 class=\"builder-gallery-title\">\n\t\t\t\t\t\tA Liberta\u00e7\u00e3o\t\t\t\t\t<\/h4>\n<\/p><\/div>\n<\/p><\/div>\n<\/p><\/div>\n<\/p><\/div>\n<\/section>\n<section id=\"builder-section-1430507048092\" class=\"builder-section builder-section-prev-gallery builder-section-gallery builder-section-next-gallery builder-gallery-columns-4 builder-gallery-captions-reveal builder-gallery-captions-dark builder-gallery-aspect-square\" style=\"\">\n<h3 class=\"builder-gallery-section-title\">\n\t\tDepois da Guerra\t<\/h3>\n<div class=\"builder-section-content\">\n<div class=\"builder-gallery-item has-link\" onclick=\"window.location.href = 'http:\/\/benabraham.org\/pt-br\/franklin-d-roosevelt\/';\">\n<figure class=\"builder-gallery-image\" style=\"background-image: url(&#039;http:\/\/benabraham.org\/en\/directory\/uploads\/2015\/04\/roosevelt-679x1024.jpg&#039;);\"><\/figure>\n<div class=\"builder-gallery-content\">\n<div class=\"builder-gallery-content-inner\">\n<h4 class=\"builder-gallery-title\">\n\t\t\t\t\t\tFranklin D. Roosevelt\t\t\t\t\t<\/h4>\n<\/p><\/div>\n<\/p><\/div>\n<\/p><\/div>\n<div class=\"builder-gallery-item has-link last-2\" onclick=\"window.location.href = 'http:\/\/benabraham.org\/pt-br\/menino-esperando-campo-refugiados\/';\">\n<figure class=\"builder-gallery-image\" style=\"background-image: url(&#039;http:\/\/benabraham.org\/en\/directory\/uploads\/2015\/04\/displaced-boy.jpg&#039;);\"><\/figure>\n<div class=\"builder-gallery-content\">\n<div class=\"builder-gallery-content-inner\">\n<h4 class=\"builder-gallery-title\">\n\t\t\t\t\t\tCampos de Refugiados\t\t\t\t\t<\/h4>\n<\/p><\/div>\n<\/p><\/div>\n<\/p><\/div>\n<div class=\"builder-gallery-item has-link\" onclick=\"window.location.href = 'http:\/\/benabraham.org\/pt-br\/a-alegria-do-reencontro\/';\">\n<figure class=\"builder-gallery-image\" style=\"background-image: url(&#039;http:\/\/benabraham.org\/en\/directory\/uploads\/2015\/04\/reunification.jpg&#039;);\"><\/figure>\n<div class=\"builder-gallery-content\">\n<div class=\"builder-gallery-content-inner\">\n<h4 class=\"builder-gallery-title\">\n\t\t\t\t\t\tA Alegria do Reencontro\t\t\t\t\t<\/h4>\n<\/p><\/div>\n<\/p><\/div>\n<\/p><\/div>\n<div class=\"builder-gallery-item last-4 last-2\" onclick=\"return false;\">\n\t\t\t\t\t\t\t\t\t\t\t<\/div>\n<\/p><\/div>\n<\/section>\n<section id=\"builder-section-1430507241770\" class=\"builder-section builder-section-prev-gallery builder-section-gallery builder-section-next-gallery builder-gallery-columns-4 builder-gallery-captions-reveal builder-gallery-captions-dark builder-gallery-aspect-square\" style=\"\">\n<h3 class=\"builder-gallery-section-title\">\n\t\tImigra\u00e7\u00e3o da Europa e Independ\u00eancia de Israel\t<\/h3>\n<div class=\"builder-section-content\">\n<div class=\"builder-gallery-item has-link\" onclick=\"window.location.href = 'http:\/\/benabraham.org\/pt-br\/trabalho-em-israel\/o-navio-exodus\/';\">\n<figure class=\"builder-gallery-image\" style=\"background-image: url(&#039;http:\/\/benabraham.org\/en\/directory\/uploads\/2015\/04\/Exodus-ship.-Oil-painting..png&#039;);\"><\/figure>\n<div class=\"builder-gallery-content\">\n<div class=\"builder-gallery-content-inner\">\n<h4 class=\"builder-gallery-title\">\n\t\t\t\t\t\tO Navio Exodus\t\t\t\t\t<\/h4>\n<\/p><\/div>\n<\/p><\/div>\n<\/p><\/div>\n<div class=\"builder-gallery-item has-link last-2\" onclick=\"window.location.href = 'http:\/\/benabraham.org\/pt-br\/?p=478';\">\n<figure class=\"builder-gallery-image\" style=\"background-image: url(&#039;http:\/\/benabraham.org\/en\/directory\/uploads\/2015\/04\/To_Palestine_4f768965898ef.jpg&#039;);\"><\/figure>\n<div class=\"builder-gallery-content\">\n<div class=\"builder-gallery-content-inner\">\n<h4 class=\"builder-gallery-title\">\n\t\t\t\t\t\tRumo a Eretz Israel\t\t\t\t\t<\/h4>\n<\/p><\/div>\n<\/p><\/div>\n<\/p><\/div>\n<div class=\"builder-gallery-item has-link\" onclick=\"window.location.href = 'http:\/\/benabraham.org\/pt-br\/maapilim-de-buchenwald\/';\">\n<figure class=\"builder-gallery-image\" style=\"background-image: url(&#039;http:\/\/benabraham.org\/en\/directory\/uploads\/2015\/04\/going-home.png&#039;);\"><\/figure>\n<div class=\"builder-gallery-content\">\n<div class=\"builder-gallery-content-inner\">\n<h4 class=\"builder-gallery-title\">\n\t\t\t\t\t\tMaapilim de Buchenwald\t\t\t\t\t<\/h4>\n<\/p><\/div>\n<\/p><\/div>\n<\/p><\/div>\n<div class=\"builder-gallery-item has-link last-4 last-2\" onclick=\"window.location.href = 'http:\/\/benabraham.org\/pt-br\/soldado-da-hagana-com-tatuagem-de-auschwitz\/';\">\n<figure class=\"builder-gallery-image\" style=\"background-image: url(&#039;http:\/\/benabraham.org\/en\/directory\/uploads\/2015\/04\/haganah.png&#039;);\"><\/figure>\n<div class=\"builder-gallery-content\">\n<div class=\"builder-gallery-content-inner\">\n<h4 class=\"builder-gallery-title\">\n\t\t\t\t\t\tSoldado da Hagan\u00e1 com Tatuagem de Auschwitz\t\t\t\t\t<\/h4>\n<\/p><\/div>\n<\/p><\/div>\n<\/p><\/div>\n<\/p><\/div>\n<\/section>\n<section id=\"builder-section-1430507538766\" class=\"builder-section builder-section-prev-gallery builder-section-gallery builder-section-next-text builder-gallery-columns-4 builder-gallery-captions-reveal builder-gallery-captions-dark builder-gallery-aspect-square\" style=\"\">\n<h3 class=\"builder-gallery-section-title\">\n\t\tVida no Brasil\t<\/h3>\n<div class=\"builder-section-content\">\n<div class=\"builder-gallery-item has-link\" onclick=\"window.location.href = 'http:\/\/benabraham.org\/pt-br\/?p=366';\">\n<figure class=\"builder-gallery-image\" style=\"background-image: url(&#039;http:\/\/benabraham.org\/en\/directory\/uploads\/2015\/04\/Sobreviventes_Miriam-Nekricz-736x1024.jpg&#039;);\"><\/figure>\n<div class=\"builder-gallery-content\">\n<div class=\"builder-gallery-content-inner\">\n<h4 class=\"builder-gallery-title\">\n\t\t\t\t\t\tMiriam Nekrycz no Brasil\t\t\t\t\t<\/h4>\n<\/p><\/div>\n<\/p><\/div>\n<\/p><\/div>\n<div class=\"builder-gallery-item has-link last-2\" onclick=\"window.location.href = 'http:\/\/benabraham.org\/pt-br\/23-2\/e-o-mundo-silenciou\/';\">\n<figure class=\"builder-gallery-image\" style=\"background-image: url(&#039;http:\/\/benabraham.org\/en\/directory\/uploads\/2015\/04\/Livro_e-o-mundo-silenciou.jpg&#039;);\"><\/figure>\n<div class=\"builder-gallery-content\">\n<div class=\"builder-gallery-content-inner\">\n<h4 class=\"builder-gallery-title\">\n\t\t\t\t\t\tCapa do Livro\t\t\t\t\t<\/h4>\n<\/p><\/div>\n<\/p><\/div>\n<\/p><\/div>\n<div class=\"builder-gallery-item has-link\" onclick=\"window.location.href = 'http:\/\/benabraham.org\/pt-br\/livros\/';\">\n<figure class=\"builder-gallery-image\" style=\"background-image: url(&#039;http:\/\/benabraham.org\/en\/directory\/uploads\/2015\/03\/Livro_Holocausto-1024x772.jpg&#039;);\"><\/figure>\n<div class=\"builder-gallery-content\">\n<div class=\"builder-gallery-content-inner\">\n<h4 class=\"builder-gallery-title\">\n\t\t\t\t\t\tCapa do Livro\t\t\t\t\t<\/h4>\n<\/p><\/div>\n<\/p><\/div>\n<\/p><\/div>\n<div class=\"builder-gallery-item has-link last-4 last-2\" onclick=\"window.location.href = 'http:\/\/benabraham.org\/pt-br\/artigos-jornalisticos\/';\">\n<figure class=\"builder-gallery-image\" style=\"background-image: url(&#039;http:\/\/benabraham.org\/en\/directory\/uploads\/2015\/04\/Sobreviventes_Ben-escriv\u00e3o-752x1024.jpg&#039;);\"><\/figure>\n<div class=\"builder-gallery-content\">\n<div class=\"builder-gallery-content-inner\">\n<h4 class=\"builder-gallery-title\">\n\t\t\t\t\t\tBen Abraham &#8211; Artigos Jornal\u00edsticos\t\t\t\t\t<\/h4>\n<\/p><\/div>\n<\/p><\/div>\n<\/p><\/div>\n<div class=\"builder-gallery-item has-link\" onclick=\"window.location.href = 'http:\/\/benabraham.org\/en\/directory\/uploads\/2015\/04\/casal-quadrado.jpg';\">\n<figure class=\"builder-gallery-image\" style=\"background-image: url(&#039;http:\/\/benabraham.org\/en\/directory\/uploads\/2015\/04\/casal-quadrado.jpg&#039;);\"><\/figure>\n<div class=\"builder-gallery-content\">\n<div class=\"builder-gallery-content-inner\">\n<h4 class=\"builder-gallery-title\">\n\t\t\t\t\t\tBen Abraham e Miriam Nekrycz\t\t\t\t\t<\/h4>\n<\/p><\/div>\n<\/p><\/div>\n<\/p><\/div>\n<\/p><\/div>\n<\/section>\n<section id=\"builder-section-1432590543173\" class=\"builder-section builder-section-prev-gallery builder-section-text builder-section-last builder-text-columns-3\" style=\"\">\n<div class=\"builder-section-content\">\n<div class=\"builder-text-column builder-text-column-1\" id=\"builder-section-1432590543173-column-1\">\n\t\t\t\t\t\t\t\t\t\t\t\t\t\t<\/div>\n<div class=\"builder-text-column builder-text-column-2\" id=\"builder-section-1432590543173-column-2\">\n\t\t\t\t\t\t\t\t\t\t\t\t\t\t<\/div>\n<div class=\"builder-text-column builder-text-column-3\" id=\"builder-section-1432590543173-column-3\">\n\t\t\t\t\t\t\t\t\t\t\t\t\t\t<\/div>\n<\/p><\/div>\n<\/section>\n","protected":false},"excerpt":{"rendered":"<p>As obras de arte apresentadas neste site foram produzidas por alunos e ex-alunos da Word of Faith Christian School (Spindale, Estados Unidos), do Col\u00e9gio Crist\u00e3o Rhema (Franco da Rocha, Brasil), e da Escola Crist\u00e3o Verbo Vivo (S\u00e3o Joaquim de Bicas, Brasil). As pinturas reproduzem imagens originais, obtidas de fontes hist\u00f3ricas confi\u00e1veis, tais como: Museu Yad &hellip;<\/p>\n","protected":false},"author":3,"featured_media":0,"parent":0,"menu_order":0,"comment_status":"closed","ping_status":"closed","template":"template-builder.php","meta":{"footnotes":""},"class_list":["post-653","page","type-page","status-publish","hentry"],"_links":{"self":[{"href":"https:\/\/benabraham.org\/pt-br\/wp-json\/wp\/v2\/pages\/653","targetHints":{"allow":["GET"]}}],"collection":[{"href":"https:\/\/benabraham.org\/pt-br\/wp-json\/wp\/v2\/pages"}],"about":[{"href":"https:\/\/benabraham.org\/pt-br\/wp-json\/wp\/v2\/types\/page"}],"author":[{"embeddable":true,"href":"https:\/\/benabraham.org\/pt-br\/wp-json\/wp\/v2\/users\/3"}],"replies":[{"embeddable":true,"href":"https:\/\/benabraham.org\/pt-br\/wp-json\/wp\/v2\/comments?post=653"}],"version-history":[{"count":2,"href":"https:\/\/benabraham.org\/pt-br\/wp-json\/wp\/v2\/pages\/653\/revisions"}],"predecessor-version":[{"id":1478,"href":"https:\/\/benabraham.org\/pt-br\/wp-json\/wp\/v2\/pages\/653\/revisions\/1478"}],"wp:attachment":[{"href":"https:\/\/benabraham.org\/pt-br\/wp-json\/wp\/v2\/media?parent=653"}],"curies":[{"name":"wp","href":"https:\/\/api.w.org\/{rel}","templated":true}]}}